{"id":38,"date":"2026-08-31T10:55:41","date_gmt":"2026-08-31T10:55:41","guid":{"rendered":"https:\/\/jarikarhu.fi\/?page_id=38"},"modified":"2026-09-02T07:42:31","modified_gmt":"2026-09-02T07:42:31","slug":"aiemmat-vaalit","status":"publish","type":"page","link":"https:\/\/jarikarhu.fi\/?page_id=38","title":{"rendered":"Aiemmat vaalit"},"content":{"rendered":"\n<h3 class=\"wp-block-heading\">Aluevaalit 2022<\/h3>\n\n\n\n<h4 class=\"wp-block-heading\">Jari Karhu &#8211; Aluevaaliehdokas<\/h4>\n\n\n\n<p class=\"wp-block-paragraph\">Olen 58 v. m yritt\u00e4j\u00e4, insin\u00f6\u00f6ri, maanviljelij\u00e4 ja mets\u00e4nomistaja sek\u00e4 toisen kauden Lappeenrannan kaupunginvaltuutettu. Pyrin aluevaltuustoon. Minulla on kolme aikuista lasta ja hoitoalan yritt\u00e4j\u00e4vaimo. Harrastan mets\u00e4styst\u00e4, vanhojen traktorien ja koneiden ker\u00e4ily\u00e4 sek\u00e4 p\u00e4reh\u00f6yl\u00e4yst\u00e4. Olen pitk\u00e4\u00e4n osallistunut yhteisten asioiden hoitoon, kyl\u00e4tasolta valtakunnan tasolle saakka<\/p>\n\n\n\n<p class=\"wp-block-paragraph\">Nykyisi\u00e4 luottamusteht\u00e4vi\u00e4ni ovat Lappeenrannan kaupunginvaltuutettu, kaupunginvaltuuston 3. varapuheenjohtaja ja vanhusneuvoston j\u00e4sen sek\u00e4 Etel\u00e4-Karjalan liiton maakuntavaltuuston j\u00e4sen. Edellisell\u00e4 valtuustokaudella toimin pelastuslautakunnan puheenjohtajana, kaupunkikehityslautakunnan varapuheenjohtajana, vammaisneuvoston sek\u00e4 esteett\u00f6myysty\u00f6ryhm\u00e4n j\u00e4sen\u00e4. Olen Keskustan Lappeenrannan kunnallisj\u00e4rjest\u00f6n puheenjohtaja sek\u00e4 Keskustan puoluevaltuuston j\u00e4sen. Toimin Etel\u00e4-Karjalan mets\u00e4nhoitoyhdistyksen hallituksen j\u00e4senen\u00e4. Toimin my\u00f6s valtakunnallisen Suomen laatuyhdistyksen metrologiajaoksen puheenjohtajana.<\/p>\n\n\n\n<p class=\"wp-block-paragraph\">Olen Wilkj\u00e4rven Winssikerhon puheenjohtaja, Vilkj\u00e4rven Er\u00e4n varapuheenjohtaja ja Vilkj\u00e4rven ja l\u00e4hikylien kyl\u00e4toimikunnan rahastonhoitaja ja Lappeen Riennon kyl\u00e4osaston johtokunnan j\u00e4sen.<br><\/p>\n\n\n\n<h4 class=\"wp-block-heading\">Miksi pyrin aluevaltuustoon?<\/h4>\n\n\n\n<p class=\"wp-block-paragraph\">Politiikkaan olen l\u00e4htenyt kiinnostuksesta ja mahdollisuudesta vaikuttaa yhteisiin asioihin. Olen yhteisten asioiden pitk\u00e4j\u00e4nteinen eteenp\u00e4in viej\u00e4 ja puolenpit\u00e4j\u00e4.<\/p>\n\n\n\n<p class=\"wp-block-paragraph\">Etel\u00e4-Karjalan hyvinvointialueella p\u00e4\u00e4tet\u00e4\u00e4n t\u00e4rkeist\u00e4 asioista, terveydenhuollosta ja pelastustoimesta. Miten p\u00e4\u00e4st\u00e4 nopeasti hoitoon ja tarvittaessa tutkimuksiin, miten turvallisuus taataan? Terveydenhuollon budjetti on yli puolet kuntien budjeteista. Etel\u00e4-Karjalan alueella se on yli 500 000 milj. Pelastustoimen budjetti on aloittavan hyvinvointialueen budjetista vain noin 2%, mutta sen toiminnan merkitys on suuri, siksi pelastustoimen riitt\u00e4v\u00e4 rahoitus on taattava jatkossa.<\/p>\n\n\n\n<p class=\"wp-block-paragraph\">Haluan olla kehitt\u00e4m\u00e4ss\u00e4 toimintoja, siten ett\u00e4 palvelujen taso voidaan s\u00e4ilytt\u00e4\u00e4 ja l\u00e4hipalvelut taata.<\/p>\n\n\n\n<h4 class=\"wp-block-heading\">Mit\u00e4 asioita aion edist\u00e4\u00e4 tulevalla vaalikaudella<\/h4>\n\n\n\n<p class=\"wp-block-paragraph\"><strong>L\u00e4hipalvelut kuntoon, apu on l\u00f6ydytt\u00e4v\u00e4 l\u00e4helt\u00e4<\/strong><\/p>\n\n\n\n<p class=\"wp-block-paragraph\">Joka kunnassa on oltava terveysaseman tai sotepiste. Perusterveydenhuollon l\u00e4hipalvelut helpottavat ja nopeuttavat hoitoon p\u00e4\u00e4sy\u00e4, On j\u00e4rkev\u00e4mpi, ett\u00e4 l\u00e4\u00e4k\u00e4ri ja sairaanhoitaja ovat l\u00e4hell\u00e4 asiakaita, kuin ett\u00e4 asiakkaat joutuvat kulkemaan pitki\u00e4 matkoja. My\u00f6s digipalveluja voidaan kehitt\u00e4\u00e4 helpottamaan yhteydenottoja l\u00e4\u00e4k\u00e4riin tai sairaanhoitajaan.<\/p>\n\n\n\n<p class=\"wp-block-paragraph\">Paloasemat ja ensihoitoyksik\u00f6t pit\u00e4\u00e4 olla riitt\u00e4v\u00e4n l\u00e4hell\u00e4, jotta apu ehtii ajoissa perille. Asukkaiden turvallisuus pit\u00e4\u00e4 taata. Liian pitk\u00e4t et\u00e4isyydet vaarantavat sen.<\/p>\n\n\n\n<p class=\"wp-block-paragraph\"><strong>Yhdell\u00e4 yhteydenotolla oikea-aikaiseen hoitoon, Pompottelun on loputtava.<\/strong><\/p>\n\n\n\n<p class=\"wp-block-paragraph\">Yhteydenotto terveysasemalle tai p\u00e4ivystykseen pit\u00e4\u00e4 johtaa my\u00f6s toimenpiteisiin. On p\u00e4\u00e4st\u00e4v\u00e4 hoitoon tai tutkimuksiin. Jos p\u00e4ivystyksess\u00e4 ei voida tai l\u00f6ydet\u00e4 syyt\u00e4 vaivaan tai sairauteen, pit\u00e4\u00e4 ohjata jatkotutkimuksiin my\u00f6s tarvittaessa l\u00e4hetteell\u00e4. N\u00e4in hoitoon p\u00e4\u00e4see nopeammin ja j\u00e4\u00e4 turha<\/p>\n\n\n\n<p class=\"wp-block-paragraph\"><strong>Vanhustenhoito kuntoon<\/strong><\/p>\n\n\n\n<p class=\"wp-block-paragraph\">Vanhustenhoitoon pit\u00e4\u00e4 turvata resurssit ja laadukas hoito. Vanhustenhoito tulee j\u00e4rjest\u00e4\u00e4 inhimillisesti mahdollisimman pitk\u00e4\u00e4n kotihoitona. Samalla on my\u00f6s huolehdittava riitt\u00e4vist\u00e4 tehostetun palveluasumisen paikoista, hoivakotipaikoista. Liian huonokuntoisten vanhusten kotihoito kuormittaa p\u00e4ivystyst\u00e4 ja vuodeosastoja sek\u00e4 kotihoidon resursseja. My\u00f6s vanhusten perhehoitoa voidaan kehitt\u00e4\u00e4 helpottamaan hoito- ja hoitaja pulaa<\/p>\n\n\n\n<p class=\"wp-block-paragraph\"><strong>Parempi ty\u00f6arki ja ty\u00f6paikka hyvinvointialueen henkil\u00f6st\u00f6lle<\/strong><\/p>\n\n\n\n<p class=\"wp-block-paragraph\">Lappeenrantaan tarvitaan katujen kunnossapidon reaaliaikainen havainnointi, liikenteen todellisen m\u00e4\u00e4r\u00e4n seuranta, teiden kulumisen ja aurauksen seuranta reaaliaikaisesti. N\u00e4ihin kehityshankkeisiin Henkil\u00f6st\u00f6n jaksamiseen niin fyysisesti kuin henkisesti pit\u00e4\u00e4 panostaa. L\u00e4\u00e4k\u00e4rit, hoitajat, pelastusty\u00f6ntekij\u00e4t sek\u00e4 koko henkil\u00f6kunta tekev\u00e4t meille kaikille \u00e4\u00e4rimm\u00e4isen t\u00e4rke\u00e4\u00e4 ty\u00f6t\u00e4. Henki ja terveys ovat t\u00e4rkeimm\u00e4t asiat joita tarvitsemme ravinnon lis\u00e4ksi. Ty\u00f6n pit\u00e4\u00e4 olla sopivasti<\/p>\n\n\n\n<p class=\"wp-block-paragraph\">\u00c4\u00e4ni\u00e4 356<\/p>\n\n\n\n<h3 class=\"wp-block-heading\">Eduskuntavaalit 2023<\/h3>\n\n\n\n<p class=\"wp-block-paragraph\">\u00c4\u00e4ni\u00e4 1590<\/p>\n\n\n\n<hr class=\"wp-block-separator alignfull has-text-color has-palette-color-4-color has-alpha-channel-opacity has-palette-color-4-background-color has-background\"\/>\n\n\n\n<h3 class=\"wp-block-heading\">Eu-vaalit 2019<\/h3>\n\n\n\n<h4 class=\"wp-block-heading\">Jari Karhu &#8211; Eurovaaliehdokas<\/h4>\n\n\n\n<p class=\"wp-block-paragraph\"><img decoding=\"async\" src=\"\"> Olen 55 v. yritt\u00e4j\u00e4, insin\u00f6\u00f6ri, maanviljelij\u00e4 ja mets\u00e4nomistaja sek\u00e4 Lappeenrannan kaupunginvaltuutettu. Minulla on kolme aikuista lasta ja hoitoalan yritt\u00e4j\u00e4vaimo. Harrastan mets\u00e4styst\u00e4, vanhojen traktorien ker\u00e4ily\u00e4 sek\u00e4 p\u00e4reh\u00f6yl\u00e4yst\u00e4. Olen pitk\u00e4\u00e4n osallistunut yhteisten asioiden hoitoon, kyl\u00e4tasolta valtakunnan tasolle saakka. Politiikkaan olen l\u00e4htenyt kiinnostuksesta ja mahdollisuudesta vaikuttaa yhteisiin asioihin. Olen yhteisten asioiden pitk\u00e4j\u00e4nteinen eteenp\u00e4in viej\u00e4 ja Suomi tarvitsee puolenpit\u00e4ji\u00e4.<br><\/p>\n\n\n\n<h4 class=\"wp-block-heading\">Miksi pyrin EU-parlamenttiin?<\/h4>\n\n\n\n<p class=\"wp-block-paragraph\"><img decoding=\"async\" src=\"\"> Maaseudun tulevaisuus on l\u00e4hell\u00e4 syd\u00e4nt\u00e4ni. Olen viljellyt maata yli 20 vuotta ja tehnyt mets\u00e4t\u00f6it\u00e4 6-vuotiaasta l\u00e4htien. EU-maataloustukipolitiikka on saatava pitk\u00e4j\u00e4nteiseksi ja yksinkertaisemmaksi, viljelij\u00f6iden usko tulevaisuuteen on palautettava. Suomelle t\u00e4rkeiden alukehitysrahojen jatko on turvattava ja niiden jakoperusteista on p\u00e4\u00e4tett\u00e4v\u00e4 enemmin kansallisella tasolla. Suurpetopolitiikka on saatava j\u00e4rkev\u00e4ksi. Pedot kuuluvat luontoon, ei pihapiireihin. Ilmastomuutoksen torjunnassa ja ehk\u00e4isyss\u00e4 on kaikki maat saatava mukaan. Puilla l\u00e4mmitt\u00e4mist\u00e4 ei tule kielt\u00e4\u00e4 eik\u00e4 polttomoottoriautoja. Siirryt\u00e4\u00e4n v\u00e4h\u00e4p\u00e4\u00e4st\u00f6isiin biopohjaisiin polttoaineisiin ja uudistetaan autokantaa hallitusti. Haluan tehd\u00e4 Suomen ja Euroopan paremmaksi ja turvallisemmaksi asua ja el\u00e4\u00e4.<\/p>\n\n\n\n<h4 class=\"wp-block-heading\">Mit\u00e4 EU minulle merkitsee?<\/h4>\n\n\n\n<p class=\"wp-block-paragraph\"><img decoding=\"async\" src=\"\"> Eurooppa merkitsee yhteisty\u00f6t\u00e4 ja yhteisi\u00e4 arvoja. Suomi on monessa asiassa mallimaa, joka toteuttaa yhteisesti sovittuja p\u00e4\u00e4t\u00f6ksi\u00e4, sit\u00e4 on vaadittava my\u00f6s muilta. Euroopan ja euron vakaus luo turvaa my\u00f6s Suomelle. Euroopan sis\u00e4markkinoiden kehitys ja kilpailukyvyn s\u00e4ilytt\u00e4minen maailman mittakaavassa on t\u00e4rke\u00e4\u00e4. Eurooppa menestyy paremmin yhten\u00e4isen\u00e4. Euroopan yhteisten asioiden hoitoon kuuluu my\u00f6s terrorismin ehk\u00e4isy ja puolustusyhteisty\u00f6. Puretaan hallinnon turhaa byrokratiaa ja kehitet\u00e4\u00e4n yhteisty\u00f6t\u00e4. En kannata EU-liittovaltikehityst\u00e4 vaan valtioiden v\u00e4list\u00e4 yhteisty\u00f6t\u00e4. EU:n pakolaispolitiikka on saatava toimivaksi ja tuen sek\u00e4 avun antamista on parannettava l\u00e4ht\u00f6maissa.<\/p>\n\n\n\n<p class=\"wp-block-paragraph\">\u00c4\u00e4ni\u00e4 4406<\/p>\n\n\n\n<p class=\"wp-block-paragraph\"><\/p>\n","protected":false},"excerpt":{"rendered":"<p>Aluevaalit 2022 Jari Karhu &#8211; Aluevaaliehdokas Olen 58 v. m yritt\u00e4j\u00e4, insin\u00f6\u00f6ri, maanviljelij\u00e4 ja mets\u00e4nomistaja sek\u00e4 toisen kauden Lappeenrannan kaupunginvaltuutettu. Pyrin aluevaltuustoon. Minulla on kolme aikuista lasta ja hoitoalan yritt\u00e4j\u00e4vaimo. Harrastan mets\u00e4styst\u00e4, vanhojen traktorien ja koneiden ker\u00e4ily\u00e4 sek\u00e4 p\u00e4reh\u00f6yl\u00e4yst\u00e4. Olen pitk\u00e4\u00e4n osallistunut yhteisten asioiden hoitoon, kyl\u00e4tasolta valtakunnan tasolle saakka Nykyisi\u00e4 luottamusteht\u00e4vi\u00e4ni ovat Lappeenrannan kaupunginvaltuutettu, kaupunginvaltuuston [&hellip;]<\/p>\n","protected":false},"author":1,"featured_media":0,"parent":0,"menu_order":0,"comment_status":"closed","ping_status":"closed","template":"","meta":{"footnotes":""},"class_list":["post-38","page","type-page","status-publish","hentry"],"blocksy_meta":{"styles_descriptor":{"styles":{"desktop":"","tablet":"","mobile":""},"google_fonts":[],"version":7}},"_links":{"self":[{"href":"https:\/\/jarikarhu.fi\/index.php?rest_route=\/wp\/v2\/pages\/38","targetHints":{"allow":["GET"]}}],"collection":[{"href":"https:\/\/jarikarhu.fi\/index.php?rest_route=\/wp\/v2\/pages"}],"about":[{"href":"https:\/\/jarikarhu.fi\/index.php?rest_route=\/wp\/v2\/types\/page"}],"author":[{"embeddable":true,"href":"https:\/\/jarikarhu.fi\/index.php?rest_route=\/wp\/v2\/users\/1"}],"replies":[{"embeddable":true,"href":"https:\/\/jarikarhu.fi\/index.php?rest_route=%2Fwp%2Fv2%2Fcomments&post=38"}],"version-history":[{"count":6,"href":"https:\/\/jarikarhu.fi\/index.php?rest_route=\/wp\/v2\/pages\/38\/revisions"}],"predecessor-version":[{"id":338,"href":"https:\/\/jarikarhu.fi\/index.php?rest_route=\/wp\/v2\/pages\/38\/revisions\/338"}],"wp:attachment":[{"href":"https:\/\/jarikarhu.fi\/index.php?rest_route=%2Fwp%2Fv2%2Fmedia&parent=38"}],"curies":[{"name":"wp","href":"https:\/\/api.w.org\/{rel}","templated":true}]}}