{"id":305,"date":"2026-09-01T18:08:51","date_gmt":"2026-09-01T18:08:51","guid":{"rendered":"https:\/\/jarikarhu.fi\/?page_id=305"},"modified":"2026-09-01T18:08:51","modified_gmt":"2026-09-01T18:08:51","slug":"mita-virkaa-valtuustolla","status":"publish","type":"page","link":"https:\/\/jarikarhu.fi\/?page_id=305","title":{"rendered":"Mit\u00e4 virkaa valtuustolla?"},"content":{"rendered":"\n<p class=\"wp-block-paragraph\"><strong> Etel\u00e4-Saimaa 26.9.2020<\/strong><\/p>\n\n\n\n<p class=\"wp-block-paragraph\">Lappeenrannan kaupunginvaltuusto k\u00e4sitteli palveluverkkoasiaa kev\u00e4\u00e4ll\u00e4 27.4.2020. Ennen k\u00e4sittely\u00e4 valtuustoryhm\u00e4t yhteisesti sopivat, ett\u00e4 valtuustossa k\u00e4sitell\u00e4\u00e4n vain Kourulan p\u00e4iv\u00e4kotikoulua ja Sammonlahden koulukeskuksen investointeja asioiden kiireellisyyden takia.<br>Kokouksen p\u00e4\u00e4t\u00f6kseksi tuli: &#8221;Sammonlahtea ja Kourulaa koskevasta kokonaisuudesta ja muilta osin palveluverkkoasiaan palataan, kun koronaviruksen vaikutus kokousk\u00e4yt\u00e4nt\u00f6\u00f6n on ohi.&#8221;<\/p>\n\n\n\n<p class=\"wp-block-paragraph\">Kaupunginvaltuusto on Lappeenrannan kaupungin ylin p\u00e4\u00e4tt\u00e4v\u00e4 elin. Valtuusto p\u00e4\u00e4tti 27.4.2020 palata asiaan. Kaupunginvaltuustossa 27.4. asiaa ei p\u00e4\u00e4tetty palauttaa valmisteluun tai valtuusto ei p\u00e4\u00e4tt\u00e4nyt antaa asiaa Lasten ja nuorten lautakunnan p\u00e4\u00e4tett\u00e4v\u00e4ksi.<\/p>\n\n\n\n<p class=\"wp-block-paragraph\">Kes\u00e4n aikana tilanne muuttui. Toimitilatoimikunta teki esityksen kaupunginhallitukselle, ett\u00e4 loput palveluverkkoasiat siirret\u00e4\u00e4n Lasten ja nuorten lautakunnan p\u00e4\u00e4tett\u00e4v\u00e4ksi. Kaupunginhallitus hyv\u00e4ksyi esityksen 20.7. ja asia k\u00e4siteltiin Lasten ja nuorten lautakunnassa 18.8. Tuossa kokouksessa Parjalan ja Ravattilan koulut p\u00e4\u00e4tettiin lakkauttaa. Kokouksessa koulujen lakkauttamista vastustivat Keskustan ja Perussuomalaisten edustajat. P\u00e4\u00e4t\u00f6ksest\u00e4 on tehty oikaisupyynt\u00f6 Riitta Munnukan (kesk.) toimesta.<\/p>\n\n\n\n<p class=\"wp-block-paragraph\">Kaupunginvaltuutettuna per\u00e4\u00e4n tietoa miss\u00e4 vaiheessa kaupunginvaltuuston 27.4. tekem\u00e4 p\u00e4\u00e4t\u00f6s palata asiaan muuttui t\u00e4h\u00e4n muotoon? Miss\u00e4 vaiheessa kaupunginvaltuusto antoi toimitilatoimikunnalle ja kaupunginhallitukselle vallan p\u00e4\u00e4tt\u00e4\u00e4 asiasta ilman kaupunginvaltuustoa? Menettelytapa ei ollut hyv\u00e4n hallintotavan mukainen, sill\u00e4 kaupunginvaltuusto nimenomaisesti p\u00e4\u00e4tti palaavansa asiaan 27.4.2020 kokouksessa.<\/p>\n\n\n\n<p class=\"wp-block-paragraph\">En kiist\u00e4, etteik\u00f6 menettelytapa olisi Lappeenrannan hallintos\u00e4\u00e4nn\u00f6n mukainen. Esimerkiksi juuri akuuteissa kriisitilanteessa on hyv\u00e4, ett\u00e4 kunnan hallintos\u00e4\u00e4nn\u00f6ll\u00e4 p\u00e4\u00e4t\u00f6svaltaa on delegoitu valtuustolta eteenp\u00e4in ja niin varmistetaan kaupungin p\u00e4\u00e4t\u00f6ksentekokyky.<\/p>\n\n\n\n<p class=\"wp-block-paragraph\">Valtaan liittyy aina my\u00f6s vastuu ja harkintakyky. Jos asia oli tarkoitus jo huhtikuussa vied\u00e4 muiden tahojen p\u00e4\u00e4tett\u00e4v\u00e4ksi olisi tuo pit\u00e4nyt kertoa valtuustolle kun asia oli p\u00f6yd\u00e4ll\u00e4. Nyt valtuustolta vietiin 27.4. sen p\u00f6yd\u00e4ll\u00e4 ollutta p\u00e4\u00e4t\u00f6svaltaa ilman elimen antamaa siunausta.<\/p>\n\n\n\n<p class=\"wp-block-paragraph\">Se, ett\u00e4 koulut lakkautettiin nyt ilman kaupunginvaltuuston p\u00e4\u00e4t\u00f6st\u00e4, on mielest\u00e4ni demokratian halventamista. En t\u00e4llaista menettelytapaa hyv\u00e4ksy nyt, enk\u00e4 my\u00f6sk\u00e4\u00e4n jatkossa<\/p>\n\n\n\n<p class=\"wp-block-paragraph\">Jari Karhu, kaupunginvaltuutettu (kesk.)<\/p>\n","protected":false},"excerpt":{"rendered":"<p>Etel\u00e4-Saimaa 26.9.2020 Lappeenrannan kaupunginvaltuusto k\u00e4sitteli palveluverkkoasiaa kev\u00e4\u00e4ll\u00e4 27.4.2020. Ennen k\u00e4sittely\u00e4 valtuustoryhm\u00e4t yhteisesti sopivat, ett\u00e4 valtuustossa k\u00e4sitell\u00e4\u00e4n vain Kourulan p\u00e4iv\u00e4kotikoulua ja Sammonlahden koulukeskuksen investointeja asioiden kiireellisyyden takia.Kokouksen p\u00e4\u00e4t\u00f6kseksi tuli: &#8221;Sammonlahtea ja Kourulaa koskevasta kokonaisuudesta ja muilta osin palveluverkkoasiaan palataan, kun koronaviruksen vaikutus kokousk\u00e4yt\u00e4nt\u00f6\u00f6n on ohi.&#8221; Kaupunginvaltuusto on Lappeenrannan kaupungin ylin p\u00e4\u00e4tt\u00e4v\u00e4 elin. Valtuusto p\u00e4\u00e4tti 27.4.2020 palata [&hellip;]<\/p>\n","protected":false},"author":1,"featured_media":0,"parent":0,"menu_order":0,"comment_status":"closed","ping_status":"closed","template":"","meta":{"footnotes":""},"class_list":["post-305","page","type-page","status-publish","hentry"],"blocksy_meta":{"styles_descriptor":{"styles":{"desktop":"","tablet":"","mobile":""},"google_fonts":[],"version":7}},"_links":{"self":[{"href":"https:\/\/jarikarhu.fi\/index.php?rest_route=\/wp\/v2\/pages\/305","targetHints":{"allow":["GET"]}}],"collection":[{"href":"https:\/\/jarikarhu.fi\/index.php?rest_route=\/wp\/v2\/pages"}],"about":[{"href":"https:\/\/jarikarhu.fi\/index.php?rest_route=\/wp\/v2\/types\/page"}],"author":[{"embeddable":true,"href":"https:\/\/jarikarhu.fi\/index.php?rest_route=\/wp\/v2\/users\/1"}],"replies":[{"embeddable":true,"href":"https:\/\/jarikarhu.fi\/index.php?rest_route=%2Fwp%2Fv2%2Fcomments&post=305"}],"version-history":[{"count":1,"href":"https:\/\/jarikarhu.fi\/index.php?rest_route=\/wp\/v2\/pages\/305\/revisions"}],"predecessor-version":[{"id":306,"href":"https:\/\/jarikarhu.fi\/index.php?rest_route=\/wp\/v2\/pages\/305\/revisions\/306"}],"wp:attachment":[{"href":"https:\/\/jarikarhu.fi\/index.php?rest_route=%2Fwp%2Fv2%2Fmedia&parent=305"}],"curies":[{"name":"wp","href":"https:\/\/api.w.org\/{rel}","templated":true}]}}