{"id":284,"date":"2026-09-01T17:48:14","date_gmt":"2026-09-01T17:48:14","guid":{"rendered":"https:\/\/jarikarhu.fi\/?page_id=284"},"modified":"2026-09-01T17:49:03","modified_gmt":"2026-09-01T17:49:03","slug":"energiapuun-pitaa-olla-jatkossakin-uusiutuvaa","status":"publish","type":"page","link":"https:\/\/jarikarhu.fi\/?page_id=284","title":{"rendered":"Energiapuun pit\u00e4\u00e4 olla jatkossakin uusiutuvaa"},"content":{"rendered":"\n<p class=\"wp-block-paragraph\"><strong>Uutisvuoksi, 2022<\/strong><\/p>\n\n\n\n<p class=\"wp-block-paragraph\">EU:n parlamentin p\u00e4\u00e4t\u00f6s muuttaa kasvava puubiomassa ei uusituvaksi on j\u00e4rjet\u00f6n. Miten kasvava puu voi olla ei uusiutuvaa, k\u00e4sitt\u00e4m\u00e4t\u00f6nt\u00e4. Poliittisin p\u00e4\u00e4t\u00f6ksin kaikki n\u00e4k\u00f6j\u00e4\u00e4n on mahdollista. EU:ssa musta voidaan muuttaa valkoiseksi ja valkoinen mustaksi. Fossiilinen maakaasu m\u00e4\u00e4riteltiin aiemmin vihre\u00e4ksi energiaksi ja nyt tehdyll\u00e4 p\u00e4\u00e4t\u00f6ksell\u00e4 prim\u00e4\u00e4ripuu m\u00e4\u00e4riteltiin ei uusiutuvaksi. Prim\u00e4\u00e4ripuuksi on m\u00e4\u00e4ritelty kaikki kaadettu tai muulla tavoin korjattu ja siirretty raakapuu sis\u00e4lt\u00e4en my\u00f6s rangat, oksat, juuret ja kannot, pois lukien luonnon katastrofeista, tuholaisista ja taudeista k\u00e4rsiv\u00e4t puut.<\/p>\n\n\n\n<p class=\"wp-block-paragraph\">Nyt tehty p\u00e4\u00e4t\u00f6s muuttaa vuosien 2017-2022 keskim\u00e4\u00e4r\u00e4isen energiapuun tuotannontason ylimenev\u00e4n osan ei uusiutuvaksi ja jatkossa vuonna 2030 kokonaan ei uusiutuvaksi. T\u00e4m\u00e4 my\u00f6s tarkoittanee jatkossa, ett\u00e4 energiapuukin siirtyy p\u00e4\u00e4st\u00f6kaupan piiriin ja sille k\u00e4y kuten turpeelle.<\/p>\n\n\n\n<p class=\"wp-block-paragraph\">Kotimaisen energiapuun kysynt\u00e4 nousi huomattavasti, kun ven\u00e4l\u00e4isen hakkeen tuonti loppui ja turpeen tuotanto oli v\u00e4hentynyt p\u00e4\u00e4st\u00f6kaupan korkean hinnan vuoksi. T\u00e4m\u00e4 nosti suomalaisen energiapuun hintaa ja se tuli my\u00f6s kannattavaksi korjata metsist\u00e4. Huomattavaa on, ett\u00e4 vaikka hinta on noussut, niin raha j\u00e4\u00e4 kotimaahan, se tuottaa ty\u00f6t\u00e4 ja toimeentuloa. Hinnannousun my\u00f6t\u00e4 olisi mahdollista saada metsien hoitor\u00e4stit pienennetty\u00e4. Nyt hoitor\u00e4stit Suomen metsiss\u00e4 on 700 000 ha raivausten osalta ja 800 000 ha ensiharvennusten osalta. Hyv\u00e4 energiapuun ker\u00e4\u00e4misen ja tuotannon kehitys uhataan vaarantaa nyt t\u00e4llaisilla parlamentin p\u00e4\u00e4t\u00f6ksill\u00e4.<\/p>\n\n\n\n<p class=\"wp-block-paragraph\">Parlamentin p\u00e4\u00e4t\u00f6s uusituvan energian tasosta on 45 % energian koko tuotannosta maakohtaisesti. Suomella saavutettu taso on jo nyt ollut 43 %, josta puubiomassan osuus on merkitt\u00e4v\u00e4. Kun osaa puubiomassassa ei voida lukea en\u00e4\u00e4 uusituvaksi, jostain pit\u00e4\u00e4 l\u00f6yty\u00e4 korvaavia uusiutuvan energian l\u00e4hteit\u00e4. T\u00e4m\u00e4 aiheuttaa lis\u00e4kustannuksia. Edell\u00e4k\u00e4vij\u00e4\u00e4 n\u00e4k\u00f6j\u00e4\u00e4n rangaistaan. Onneksi ei sent\u00e4\u00e4n viel\u00e4 kielletty puun polttoa.<\/p>\n\n\n\n<p class=\"wp-block-paragraph\">Suomen on pidett\u00e4v\u00e4 puolensa ja teht\u00e4v\u00e4 kaikkensa jatkoneuvotteluissa komission, neuvoston ja j\u00e4senmaiden neuvoston v\u00e4lill\u00e4, jotta p\u00e4\u00e4t\u00f6s kumotaan tai muutetaan j\u00e4rkev\u00e4mm\u00e4ksi.<\/p>\n\n\n\n<p class=\"wp-block-paragraph\">Jari Karhu, Kesk. Lappeenranta<\/p>\n","protected":false},"excerpt":{"rendered":"<p>Uutisvuoksi, 2022 EU:n parlamentin p\u00e4\u00e4t\u00f6s muuttaa kasvava puubiomassa ei uusituvaksi on j\u00e4rjet\u00f6n. Miten kasvava puu voi olla ei uusiutuvaa, k\u00e4sitt\u00e4m\u00e4t\u00f6nt\u00e4. Poliittisin p\u00e4\u00e4t\u00f6ksin kaikki n\u00e4k\u00f6j\u00e4\u00e4n on mahdollista. EU:ssa musta voidaan muuttaa valkoiseksi ja valkoinen mustaksi. Fossiilinen maakaasu m\u00e4\u00e4riteltiin aiemmin vihre\u00e4ksi energiaksi ja nyt tehdyll\u00e4 p\u00e4\u00e4t\u00f6ksell\u00e4 prim\u00e4\u00e4ripuu m\u00e4\u00e4riteltiin ei uusiutuvaksi. Prim\u00e4\u00e4ripuuksi on m\u00e4\u00e4ritelty kaikki kaadettu tai muulla [&hellip;]<\/p>\n","protected":false},"author":1,"featured_media":0,"parent":0,"menu_order":0,"comment_status":"closed","ping_status":"closed","template":"","meta":{"footnotes":""},"class_list":["post-284","page","type-page","status-publish","hentry"],"blocksy_meta":{"styles_descriptor":{"styles":{"desktop":"","tablet":"","mobile":""},"google_fonts":[],"version":7}},"_links":{"self":[{"href":"https:\/\/jarikarhu.fi\/index.php?rest_route=\/wp\/v2\/pages\/284","targetHints":{"allow":["GET"]}}],"collection":[{"href":"https:\/\/jarikarhu.fi\/index.php?rest_route=\/wp\/v2\/pages"}],"about":[{"href":"https:\/\/jarikarhu.fi\/index.php?rest_route=\/wp\/v2\/types\/page"}],"author":[{"embeddable":true,"href":"https:\/\/jarikarhu.fi\/index.php?rest_route=\/wp\/v2\/users\/1"}],"replies":[{"embeddable":true,"href":"https:\/\/jarikarhu.fi\/index.php?rest_route=%2Fwp%2Fv2%2Fcomments&post=284"}],"version-history":[{"count":2,"href":"https:\/\/jarikarhu.fi\/index.php?rest_route=\/wp\/v2\/pages\/284\/revisions"}],"predecessor-version":[{"id":286,"href":"https:\/\/jarikarhu.fi\/index.php?rest_route=\/wp\/v2\/pages\/284\/revisions\/286"}],"wp:attachment":[{"href":"https:\/\/jarikarhu.fi\/index.php?rest_route=%2Fwp%2Fv2%2Fmedia&parent=284"}],"curies":[{"name":"wp","href":"https:\/\/api.w.org\/{rel}","templated":true}]}}