{"id":28,"date":"2026-08-31T10:54:39","date_gmt":"2026-08-31T10:54:39","guid":{"rendered":"https:\/\/jarikarhu.fi\/?page_id=28"},"modified":"2026-09-01T18:34:12","modified_gmt":"2026-09-01T18:34:12","slug":"julkaisut","status":"publish","type":"page","link":"https:\/\/jarikarhu.fi\/?page_id=28","title":{"rendered":"Julkaisut"},"content":{"rendered":"\n<h4 class=\"wp-block-heading\">Alue- ja kuntavaalit 2025<\/h4>\n\n\n\n<h5 class=\"wp-block-heading\">Kokonaisturvallisuus huomioitava ja oltava osa koko Etel\u00e4-Karjalan toimintaa, ES 29.3.2025<\/h5>\n\n\n\n<p class=\"wp-block-paragraph\">Maailman poliittinen tilanne on k\u00e4rjistynyt ja sotaa k\u00e4yd\u00e4\u00e4n Euroopassakin. Yh\u00e4 t\u00e4rke\u00e4mm\u00e4ksi tulee kansalaisten perus- ja kokonaisturvallisuuden takaaminen.<\/p>\n\n\n\n<p class=\"wp-block-paragraph\">Kokonaisturvallisuuteen kuuluvat puolustus, huoltovarmuus, kyberturvallisuus, varautuminen, pelastustoimi, onnettomuuksien ehk\u00e4isy ja pelastaminen, kuten my\u00f6s t\u00e4rke\u00e4n\u00e4 osana terveyden ja toimintakyvyn turvaaminen eli sosiaali- ja terveydenhuolto.<\/p>\n\n\n\n<p class=\"wp-block-paragraph\"><a href=\"https:\/\/jarikarhu.fi\/?page_id=127\" data-type=\"page\" data-id=\"127\" target=\"_blank\" rel=\"noopener\">Lue lis\u00e4\u00e4&#8230;<\/a><a href=\"file:\/\/\/D:\/Jari\/Jarin%20sivusto_31.8.2026\/tekstit\/turvallisuus.html\"><\/a><\/p>\n\n\n\n<hr class=\"wp-block-separator alignwide has-text-color has-palette-color-4-color has-alpha-channel-opacity has-palette-color-4-background-color has-background is-style-wide\"\/>\n\n\n\n<figure class=\"wp-block-image size-full\"><img loading=\"lazy\" decoding=\"async\" width=\"585\" height=\"567\" src=\"https:\/\/jarikarhu.fi\/wp-content\/uploads\/2026\/09\/jaripuheet.jpg\" alt=\"\" class=\"wp-image-146\" srcset=\"https:\/\/jarikarhu.fi\/wp-content\/uploads\/2026\/09\/jaripuheet.jpg 585w, https:\/\/jarikarhu.fi\/wp-content\/uploads\/2026\/09\/jaripuheet-300x291.jpg 300w\" sizes=\"auto, (max-width: 585px) 100vw, 585px\" \/><\/figure>\n\n\n\n<p class=\"wp-block-paragraph\"><strong>Valtuuston<\/strong> kokouksessa todenn\u00e4k\u00f6isin puhuja on keskustan <strong>Jari Karhu<\/strong>. Karhun mikki on syksyst\u00e4 2021 asti ollut auki 56 kertaa ja yhteens\u00e4 1 tunnin, 46 minuuttia ja 56 sekuntia.<\/p>\n\n\n\n<figure class=\"wp-block-image size-full\"><img loading=\"lazy\" decoding=\"async\" width=\"670\" height=\"206\" src=\"https:\/\/jarikarhu.fi\/wp-content\/uploads\/2026\/09\/puheenvuorot.jpg\" alt=\"\" class=\"wp-image-147\" srcset=\"https:\/\/jarikarhu.fi\/wp-content\/uploads\/2026\/09\/puheenvuorot.jpg 670w, https:\/\/jarikarhu.fi\/wp-content\/uploads\/2026\/09\/puheenvuorot-300x92.jpg 300w\" sizes=\"auto, (max-width: 670px) 100vw, 670px\" \/><\/figure>\n\n\n\n<p class=\"wp-block-paragraph\">Mik\u00e4 ajaa Karhun painamaan nappia kerta toisensa j\u00e4lkeen? Esitykset saapuvat yleens\u00e4 valtuustoon huolellisesti valmisteltuina ja ne ovat k\u00e4yneet l\u00e4pi lautakunnan ja kaupunginhallituksen mankelin. Valtuuston kolmantena varapuheenjohtajana Karhu on p\u00e4\u00e4ssyt my\u00f6s kuuntelemaan kaupunginhallituksen kokouksia.<\/p>\n\n\n\n<p class=\"wp-block-paragraph\">Puheenvuoroihin ajaa halu vaikuttaa, Karhu kertoo.<\/p>\n\n\n\n<p class=\"wp-block-paragraph\">-?Valtuusto on kuitenkin ylin p\u00e4\u00e4tt\u00e4v\u00e4 elin, ja minun mielest\u00e4ni my\u00f6s viel\u00e4 valtuustossa voi vaikuttaa ja tehd\u00e4 esityksi\u00e4. Ei se ole pelk\u00e4st\u00e4\u00e4n sit\u00e4 lautakuntaty\u00f6t\u00e4 tai ett\u00e4 kaikki tulee valmiina valtuustoon.<\/p>\n\n\n\n<p class=\"wp-block-paragraph\">Karhu on toiminut aiemmin muun muassa opettajana ja h\u00e4nelle ihmisten edess\u00e4 puhuminen on luontevaa. Omaa tyyli\u00e4\u00e4n Karhu kuvaa keskustelevaksi ja on mielell\u00e4\u00e4n vuorovaikutuksessa ihmisten kanssa. H\u00e4nest\u00e4 asioista l\u00f6ytyy uusia puolia ja ideoita, kun niist\u00e4 puhutaan -?my\u00f6s valtuuston kokouksen aikana.<\/p>\n\n\n\n<p class=\"wp-block-paragraph\">-?Muutenkin toivon, ett\u00e4 kokoukset olisivat enemm\u00e4n keskustelevia, ett\u00e4 saataisiin lis\u00e4\u00e4 yhteisi\u00e4 n\u00e4kemyksi\u00e4. Se on mielest\u00e4ni t\u00e4rke\u00e4 asia.?Ja jos esitt\u00e4\u00e4 kritiikki\u00e4, mielest\u00e4ni pit\u00e4isi esitt\u00e4\u00e4 my\u00f6s ratkaisu.<\/p>\n\n\n\n<p class=\"wp-block-paragraph\">Karhu on toisen kauden valtuutettu, ja muistaa edelleen hyvin ensimm\u00e4isen puheenvuoronsa.<\/p>\n\n\n\n<p class=\"wp-block-paragraph\">-?Heti ensimm\u00e4isell\u00e4 kaudella, oliko toinen valtuustokokous, menin puhujanp\u00f6ntt\u00f6\u00f6n. Joku kysyi &#8221;mit\u00e4 sie sinne menit&#8221;. Sen kun k\u00e4velin, Karhu naurahtaa.<\/p>\n\n\n\n<p class=\"wp-block-paragraph\">Yleisesti ottaen Karhu pit\u00e4\u00e4 valtuuston keskustelukulttuuria hyv\u00e4n\u00e4. Jos joltain suunnalta sattuisi tulemaan kuittailua, h\u00e4n kykenee sulkemaan kommentit ulos.<\/p>\n\n\n\n<p class=\"wp-block-paragraph\">&#8211; Minulla on oikeus ja velvollisuus sanoa sanottavani. Jossain m\u00e4\u00e4rin mietin mit\u00e4 muut ajattelevat, mutta en siksi j\u00e4t\u00e4 jotain sanomatta.?Tuleehan joskus v\u00e4ittely\u00e4 joistain asioista, mutta minusta se kuuluu asiaan. Ei niit\u00e4 voi sulkea pois, eik\u00e4 niit\u00e4 kannata pel\u00e4t\u00e4.<\/p>\n\n\n\n<figure class=\"wp-block-image size-full\"><img loading=\"lazy\" decoding=\"async\" width=\"681\" height=\"259\" src=\"https:\/\/jarikarhu.fi\/wp-content\/uploads\/2026\/09\/puheaika.jpg\" alt=\"\" class=\"wp-image-148\" srcset=\"https:\/\/jarikarhu.fi\/wp-content\/uploads\/2026\/09\/puheaika.jpg 681w, https:\/\/jarikarhu.fi\/wp-content\/uploads\/2026\/09\/puheaika-300x114.jpg 300w\" sizes=\"auto, (max-width: 681px) 100vw, 681px\" \/><\/figure>\n\n\n\n<p class=\"wp-block-paragraph\">Joskus keskustelu kantaa hedelm\u00e4\u00e4. Karhu on osaltaan puhunut keskustan katutasossa olevista parkkipaikoista, ja niit\u00e4 on viime aikoina tullut lis\u00e4\u00e4.<\/p>\n\n\n\n<p class=\"wp-block-paragraph\">Joskus taas joutuu hyv\u00e4ksym\u00e4\u00e4n, ettei itselle t\u00e4rke\u00e4 asia mene l\u00e4pi, vaikka kuinka tarjoaisi vaihtoehtoja.<\/p>\n\n\n\n<p class=\"wp-block-paragraph\">-?Palveluverkkoesitys on j\u00e4\u00e4nyt mieleen. Esitin muutosesityst\u00e4 pohjaesitykseen ja se meni \u00e4\u00e4nestykseen. Se oli itselle t\u00e4rke\u00e4 asia, jota l\u00e4hdin ajamaan, pienet koulut. Toiminnat olisi voitu s\u00e4ilytt\u00e4\u00e4, jos olisimme yhdist\u00e4neet niit\u00e4 samaan rakennukseen, Karhu uskoo.<\/p>\n\n\n\n<p class=\"wp-block-paragraph\">Onko sekunteja, jotka Karhu nyt j\u00e4tt\u00e4isi k\u00e4ytt\u00e4m\u00e4tt\u00e4?<\/p>\n\n\n\n<p class=\"wp-block-paragraph\">&#8211; Sellaista puheenvuoroa ei ole, jonka ottaisin takaisin. Enemm\u00e4n minua vaivaa, jos olen j\u00e4tt\u00e4nyt jonkin asian sanomatta.<\/p>\n\n\n\n<p class=\"wp-block-paragraph\">L\u00e4hde:<br>Etel\u00e4-Saimaa 22.1.2025<br><a href=\"https:\/\/nakoislehti.media.fi\/etelasaimaa\/cf2b7a40-a287-4edb-8e4b-bef3f80eb563\/2?lang=fi\" target=\"_blank\" rel=\"noopener\">https:\/\/nakoislehti.media.fi\/etelasaimaa\/cf2b7a40-a287-4edb-8e4b-bef3f80eb563\/2?lang=fi<\/a><\/p>\n\n\n\n<hr class=\"wp-block-separator alignwide has-text-color has-palette-color-4-color has-alpha-channel-opacity has-palette-color-4-background-color has-background\"\/>\n\n\n\n<h3 class=\"wp-block-heading\">Edellisten vaalien julkaisut<\/h3>\n\n\n\n<h4 class=\"wp-block-heading\">Eduskuntavaalit 2023<\/h4>\n\n\n\n<h5 class=\"wp-block-heading\">Maatalous kannattavaksi ja kotimainen energia k\u00e4ytt\u00f6\u00f6n<\/h5>\n\n\n\n<p class=\"wp-block-paragraph\">Maatalous on ahdingossa. Tuottajahintoja on nostettu viime vuonna, mutta tuotantokulut nousevat jatkuvasti ja maataloustuottaja ei saa riitt\u00e4v\u00e4 korvausta tuotteestaan. Tuottaja ei halua tukia. Tuottaja haluaa riitt\u00e4v\u00e4n korvauksen ty\u00f6st\u00e4\u00e4n ja tuotteestaan. Tuet ovat kuluttajille, jotta kuluttaja saa kotimaista ruokaa kohtuu hintaan. <a href=\"https:\/\/jarikarhu.fi\/?page_id=152\" data-type=\"page\" data-id=\"152\"><br>Lue lis\u00e4\u00e4&#8230;<\/a><\/p>\n\n\n\n<h5 class=\"wp-block-heading\">Tiet ja radat kuntoon<\/h5>\n\n\n\n<p class=\"wp-block-paragraph\">Kaakkois-Suomen tiet ovat ala-arvoisessa kunnossa ja radat parantamisen tarpeessa. Liikenneinfran parantamiseen tarvitaan lis\u00e4\u00e4 rahaa. Korjausvelka on kasvanut teiden osalta noin 1,7 mrd. euroon ja raideliikenteen osalta noin 1,3 mrd. euroon eli kokonaiskorjausvelka liikenneinfran osalta on jo noin 3 mrd. euroa. Liikenteest\u00e4 ker\u00e4t\u00e4\u00e4n vuosittain veroja noin 8 mrd. euroa ja k\u00e4ytet\u00e4\u00e4n noin 1,6 mrd. takaisin kunnossapitoon. Kunnossapitoon palautuva summa on liian v\u00e4h\u00e4n. <br><a href=\"https:\/\/jarikarhu.fi\/?page_id=274\" data-type=\"page\" data-id=\"274\">Lue lis\u00e4\u00e4&#8230;<\/a><\/p>\n\n\n\n<h5 class=\"wp-block-heading\">Suomen metsist\u00e4 p\u00e4\u00e4tt\u00e4v\u00e4t suomalaiset<\/h5>\n\n\n\n<p class=\"wp-block-paragraph\">Mets\u00e4t ovat Suomen talouden selk\u00e4ranka. Mets\u00e4teollisuuden osuus Suomen tavaraviennin arvosta on yli 19 prosenttia. Mets\u00e4t tarjoavat ty\u00f6paikkoja ja tuottavat verotuloja. Mets\u00e4ala ty\u00f6llist\u00e4\u00e4 suoraan 42 000 ihmist\u00e4 ja koko toimitusketjun kautta noin 74 000 ihmist\u00e4. Ilman mets\u00e4teollisuutta moni paikkakunta ei olisi kyennyt tarjoamaan nykyist\u00e4 hyvinvointia asukkailleen. Kaakkois-Suomi on mets\u00e4teollisuuden keskittym\u00e4 ja alueemme hyvinvointi lep\u00e4\u00e4 vahvoilla puujaloilla <a href=\"https:\/\/jarikarhu.fi\/?page_id=276\" data-type=\"page\" data-id=\"276\"><br>Lue lis\u00e4\u00e4&#8230;<\/a><\/p>\n\n\n\n<h5 class=\"wp-block-heading\">Hanhet pataan!<\/h5>\n\n\n\n<p class=\"wp-block-paragraph\">Valkoposkien kannanhoidollinen mets\u00e4stys on sallittava Suomessa. Valkoposkihanhia on voitava k\u00e4ytt\u00e4\u00e4 Suomessa my\u00f6s ravinnoksi, kuten muissakin EU-maissa <a href=\"https:\/\/jarikarhu.fi\/?page_id=278\" data-type=\"page\" data-id=\"278\"><br>Lue lis\u00e4\u00e4&#8230;<\/a><br><\/p>\n\n\n\n<h5 class=\"wp-block-heading\">Natoon viivyttelem\u00e4tt\u00e4<\/h5>\n\n\n\n<p class=\"wp-block-paragraph\">Euroopan ja Suomen turvallisuustilanne on \u00e4kki\u00e4 muuttunut. Ven\u00e4j\u00e4 hy\u00f6kk\u00e4si Ukrainaan veljeskansaansa vastaa ja pommittaa maassa julmasti my\u00f6s siviilikohteita. Eip\u00e4 olisi muutama kuukausi sitten uskonut, ett\u00e4 t\u00e4m\u00e4 on mahdollista nykyp\u00e4iv\u00e4n Euroopassa. <a href=\"https:\/\/jarikarhu.fi\/?page_id=280\" data-type=\"page\" data-id=\"280\"><br>Lue lis\u00e4\u00e4&#8230;<\/a><\/p>\n\n\n\n<h5 class=\"wp-block-heading\">Kotimaisen energian omavaraisuutta ja huoltovarmuutta on lis\u00e4tt\u00e4v\u00e4<\/h5>\n\n\n\n<p class=\"wp-block-paragraph\">Kuten nyt Ven\u00e4j\u00e4n j\u00e4rjett\u00f6m\u00e4st\u00e4 hy\u00f6kk\u00e4yssodasta Ukrainaan ja Saksan v\u00e4\u00e4r\u00e4nlaisista energiapoliittisista ratkaisuista huomataan, meid\u00e4n on pakko jatkaa ja kiihdytt\u00e4\u00e4 toimia kotimaisen energian omavaraisuuden ja huoltovarmuuden lis\u00e4\u00e4miseksi. Suomen tarvitsemasta fossiilisesta energiasta yli 35 % tulee ulkomailta. Irtaudutaan nopeasti ulkomaisesta fossiilisesta energiasta. <br><a href=\"https:\/\/jarikarhu.fi\/?page_id=282\" data-type=\"page\" data-id=\"282\">Lue lis\u00e4\u00e4&#8230;<\/a><\/p>\n\n\n\n<h5 class=\"wp-block-heading\">Energiapuun pit\u00e4\u00e4 olla jatkossakin uusiutuvaa, Uutisvuoksi, 2022<\/h5>\n\n\n\n<p class=\"wp-block-paragraph\">EU:n parlamentin p\u00e4\u00e4t\u00f6s muuttaa kasvava puubiomassa ei uusituvaksi on j\u00e4rjet\u00f6n. Miten kasvava puu voi olla ei uusiutuvaa, k\u00e4sitt\u00e4m\u00e4t\u00f6nt\u00e4. Poliittisin p\u00e4\u00e4t\u00f6ksin kaikki n\u00e4k\u00f6j\u00e4\u00e4n on mahdollista. EU:ssa musta voidaan muuttaa valkoiseksi ja valkoinen mustaksi. Fossiilinen maakaasu m\u00e4\u00e4riteltiin aiemmin vihre\u00e4ksi energiaksi ja nyt tehdyll\u00e4 p\u00e4\u00e4t\u00f6ksell\u00e4 prim\u00e4\u00e4ripuu m\u00e4\u00e4riteltiin ei uusiutuvaksi. Prim\u00e4\u00e4ripuuksi on m\u00e4\u00e4ritelty kaikki kaadettu tai muulla tavoin korjattu ja siirretty raakapuu sis\u00e4lt\u00e4en my\u00f6s rangat, oksat, juuret ja kannot, pois lukien luonnon katastrofeista, tuholaisista ja taudeista k\u00e4rsiv\u00e4t puut. <br><a href=\"https:\/\/jarikarhu.fi\/?page_id=284\" data-type=\"page\" data-id=\"284\">Lue lis\u00e4\u00e4&#8230;<\/a><\/p>\n\n\n\n<h5 class=\"wp-block-heading\">Maalaisj\u00e4rke\u00e4 mets\u00e4nhoitoon, luonnon monimuotoisuuteen ja hiilensidontaan, ES, 28.12.2022<\/h5>\n\n\n\n<p class=\"wp-block-paragraph\">Suomen mets\u00e4t kasvavat enemm\u00e4n kuin niit\u00e4 hakataan. Suomen metsien kasvu on vuosittain yli 100 miljoonaa kuutiometri\u00e4 vuodessa ja kasvu on tuplaantunut noin viidess\u00e4kymmeness\u00e4 vuodessa. Metsien hakkuut ja kokonaispoistuma on noin 70-90 miljoonaa kuutiometri\u00e4 vuodessa. T\u00e4m\u00e4 tarkoittaa, ett\u00e4 mets\u00e4varannot lis\u00e4\u00e4ntyv\u00e4t joka vuosi, ollen nyky\u00e4\u00e4n l\u00e4hes 2,5 miljardia kuutiota. <a href=\"https:\/\/jarikarhu.fi\/?page_id=287\" data-type=\"page\" data-id=\"287\"><br>Lue lis\u00e4\u00e4&#8230;<\/a><\/p>\n\n\n\n<hr class=\"wp-block-separator has-text-color has-palette-color-4-color has-alpha-channel-opacity has-palette-color-4-background-color has-background is-style-wide\"\/>\n\n\n\n<h5 class=\"wp-block-heading has-palette-color-4-color has-text-color has-link-color wp-elements-1\"><a>Aluevaaleissa voit vaikuttaa, ES 13.1.2022<\/a><\/h5>\n\n\n\n<p class=\"wp-block-paragraph\">Historialliset aluevaalit pidet\u00e4\u00e4n Suomessa 23.1.2022. Aikaisemmin soten ja pelastustoimen p\u00e4\u00e4tt\u00e4j\u00e4t on valittu kuntavaalien yhteydess\u00e4. Nyt vaaleissa voi \u00e4\u00e4nest\u00e4\u00e4 haluamaansa henkil\u00f6\u00e4 sote- ja pelastustoimialoille. Kannattaa vaikuttaa. <a href=\"https:\/\/jarikarhu.fi\/?page_id=289\" data-type=\"page\" data-id=\"289\"><br>Lue lis\u00e4\u00e4&#8230;<\/a><\/p>\n\n\n\n<h5 class=\"wp-block-heading\">Sotekustannukset hallintaan ja l\u00e4hipalvelut kuntiin, 9.1.2022<\/h5>\n\n\n\n<p class=\"wp-block-paragraph\">Soteuudistus on vihdoin menossa maaliin ja hyvinvointialueet aloittavat toimintansa virallisesti vuoden 2023 alussa. Hyv\u00e4 n\u00e4in. Aluevaalit k\u00e4yd\u00e4\u00e4n jo tulevan tammikuun 23. p\u00e4iv\u00e4n\u00e4. Vuosien valmisteluty\u00f6 ei ole kokonaan mennyt hukkaan. Soteuudistuksen tarkoituksena oli, ett\u00e4 saadaan leve\u00e4mm\u00e4t hartiat j\u00e4rjest\u00e4\u00e4 sosiaali- ja terveyspalvelut sek\u00e4 pelastustoimi, ja ettei kustannukset karkaa liian suuriksi ja rasittaisi kuntia. <a href=\"https:\/\/jarikarhu.fi\/?page_id=295\" data-type=\"page\" data-id=\"295\"><br>Lue lis\u00e4\u00e4&#8230;<\/a><\/p>\n\n\n\n<h5 class=\"wp-block-heading has-palette-color-4-color has-text-color has-link-color wp-elements-2\"><a>Mets\u00e4retkell\u00e4 &#8221;SuurPeto&#8221; ja &#8221;TieKarhu&#8221; Jari Karhun metsiss\u00e4, Saimaan mets\u00e4nomistajat 20.5.2021<\/a><\/h5>\n\n\n\n<p class=\"wp-block-paragraph\">Jari Karhu on varmasti tutumpi kunnallispolitiikasta ja tienvarsimainoksista &#8221;Suurpeto valtuustoon&#8221; tai &#8221;Suurpeto Brysseliin&#8221; kuin mets\u00e4nomistajana ja maanviljelij\u00e4n\u00e4. Jari on monitoimimies ja vastuunkantaja. <a href=\"http:\/\/www.saimaanmetsanomistajat.fi\/p\/liiton-asiat.html\" target=\"_blank\" rel=\"noopener\"><br>Lue lis\u00e4\u00e4&#8230;<\/a><\/p>\n\n\n\n<h5 class=\"wp-block-heading has-palette-color-4-color has-text-color has-link-color wp-elements-3\"><a>Tiet kuntoon ES 1.5.2021<\/a><\/h5>\n\n\n\n<p class=\"wp-block-paragraph\">Lappeenrannan kaupunginvaltuustossa p\u00e4\u00e4tettiin viime vuonna lis\u00e4t\u00e4 yksityisteiden kunnossapidon avustusrahoitusta. Rahoitusta lis\u00e4t\u00e4\u00e4n portaittain vuoden 2013 tasolle eli 480 000 euroon. Nykytaso on 347 000 euroa. <a href=\"https:\/\/jarikarhu.fi\/?page_id=297\" data-type=\"page\" data-id=\"297\"><br>Lue lis\u00e4\u00e4&#8230;<\/a><\/p>\n\n\n\n<h5 class=\"wp-block-heading has-palette-color-4-color has-text-color has-link-color wp-elements-4\"><a>Kaupungin kehitt\u00e4misest\u00e4 ES 24.5.2021<\/a><\/h5>\n\n\n\n<p class=\"wp-block-paragraph\">Mihin suomalainen rakentaa saunansa? Marian aukio pit\u00e4isi sisustaa, siis tehd\u00e4 houkuttelevan n\u00e4k\u00f6iseksi. Avataan vesitorni matkailijoille. <a href=\"https:\/\/jarikarhu.fi\/?page_id=299\" data-type=\"page\" data-id=\"299\"><br>Lue lis\u00e4\u00e4&#8230;<\/a><\/p>\n\n\n\n<h5 class=\"wp-block-heading has-palette-color-4-color has-text-color has-link-color wp-elements-5\"><a>Turpeesta huoltovarmuusenergiaa MT 21.3.2021<\/a><\/h5>\n\n\n\n<p class=\"wp-block-paragraph\">Kasvihuoneyritt\u00e4j\u00e4t ovat ajautumassa ahdinkoon energiaturpeen tuotannon alasajosta. Paikallinen Ansari-Yhtym\u00e4 Oy ilmaisi huolensa asiasta Ylen uutisissa. Kun energiaturvetta nostetaan, samalla pintakerroksista saadaan kasvu- ja kuiviketurvetta. Jos nosto tapahtuu vain kasvu- ja kuiviketurpeena, kustannukset nousevat <a href=\"https:\/\/jarikarhu.fi\/?page_id=301\" data-type=\"page\" data-id=\"301\"><br>Lue lis\u00e4\u00e4&#8230;<\/a><\/p>\n\n\n\n<h5 class=\"wp-block-heading has-palette-color-4-color has-text-color has-link-color wp-elements-6\"><a>Kotimaisen energian puolesta ES 23.12.2020<\/a><\/h5>\n\n\n\n<p class=\"wp-block-paragraph\">Suomen oma energiantuotanto on vain noin 35 % koko energiatarpeesta. L\u00e4hes kaksi kolmasosaa eli 65 % tuodaan ulkomailta ja siit\u00e4kin yli 90 % on fossiilista energiaa. Olisiko aika tehd\u00e4 asialle jotain. <a href=\"https:\/\/jarikarhu.fi\/?page_id=303\" data-type=\"page\" data-id=\"303\"><br>Lue lis\u00e4\u00e4&#8230;<\/a><\/p>\n\n\n\n<h5 class=\"wp-block-heading has-palette-color-4-color has-text-color has-link-color wp-elements-7\"><a>Mit\u00e4 virkaa valtuustolla? ES 26.9.2020<\/a><\/h5>\n\n\n\n<p class=\"wp-block-paragraph\">Lappeenrannan kaupunginvaltuusto k\u00e4sitteli palveluverkkoasiaa kev\u00e4\u00e4ll\u00e4 27.4.2020. Ennen k\u00e4sittely\u00e4 valtuustoryhm\u00e4t yhteisesti sopivat, ett\u00e4 valtuustossa k\u00e4sitell\u00e4\u00e4n vain Kourulan p\u00e4iv\u00e4kotikoulua ja Sammonlahden koulukeskuksen investointeja asioiden kiireellisyyden takia. Kokouksen p\u00e4\u00e4t\u00f6kseksi tuli: &#8221;Sammonlahtea ja Kourulaa koskevasta kokonaisuudesta ja muilta osin palveluverkkoasiaan palataan, kun koronaviruksen vaikutus kokousk\u00e4yt\u00e4nt\u00f6\u00f6n on ohi.&#8221; <a href=\"https:\/\/jarikarhu.fi\/?page_id=305\" data-type=\"page\" data-id=\"305\"><br>Lue lis\u00e4\u00e4&#8230;<\/a><\/p>\n\n\n\n<h5 class=\"wp-block-heading has-palette-color-4-color has-text-color has-link-color wp-elements-8\"><a>Monipaikkaisuus ES 17.7.2020<\/a><\/h5>\n\n\n\n<p class=\"wp-block-paragraph\">Vastakkainasettelun aika on ohi. Kaupunkilaiset tarvitsevat maaseutua ja maaseutu kaupunkia. Enemm\u00e4n on kyse siit\u00e4, miten kustannuksia ja tuloja jaetaan. Nykyp\u00e4iv\u00e4n\u00e4 monella on asunto kaupungissa ja maaseudulla. On peritty mummon m\u00f6kki tai vanha maatila tai maaseudulla asuneena nyt vanhempana on hankittu kaupunkiasunto. Monipaikkaisuus on nykyaikaa. <a href=\"https:\/\/jarikarhu.fi\/?page_id=307\" data-type=\"page\" data-id=\"307\"><br>Lue lis\u00e4\u00e4&#8230;<\/a><\/p>\n\n\n\n<h5 class=\"wp-block-heading has-palette-color-4-color has-text-color has-link-color wp-elements-9\"><a>L\u00e4hikoulut takaavat elinvoiman maaseudulla ja kaupungissa ES 7.4.2020<\/a><\/h5>\n\n\n\n<p class=\"wp-block-paragraph\">Lappeenrannan kaupungin palveluverkkoesitys on otettava uuteen harkintaan. Palveluverkkoesityksess\u00e4 unohdetaan maaseudun koulujen kehitt\u00e4minen. Kun viimeisetkin palvelut maaseudulla lopetetaan, voi todeta, ett\u00e4 viimeinen sammuttakoon valot. <a href=\"https:\/\/jarikarhu.fi\/?page_id=309\" data-type=\"page\" data-id=\"309\"><br>Lue lis\u00e4\u00e4&#8230;<\/a><\/p>\n\n\n\n<h5 class=\"wp-block-heading has-palette-color-4-color has-text-color has-link-color wp-elements-10\"><a>Biokaasulla energiarahat Suomeen ES 2.1.2020<\/a><\/h5>\n\n\n\n<p class=\"wp-block-paragraph\">Kotimaisen biokaasun tuotanto ja k\u00e4ytt\u00f6 on pitk\u00e4\u00e4n laahannut matalalla tasolla verrattuna esim. Ruotsiin ja Saksaan. Nyt biokaasun tuotantoa lis\u00e4t\u00e4\u00e4n valtakunnallisesti, kuten my\u00f6s Lappeenrannassa on tehty ja hyv\u00e4 niin. . <a href=\"https:\/\/jarikarhu.fi\/?page_id=311\" data-type=\"page\" data-id=\"311\"><br>Lue lis\u00e4\u00e4&#8230;<\/a><\/p>\n\n\n\n<h5 class=\"wp-block-heading has-palette-color-4-color has-text-color has-link-color wp-elements-11\"><a>Talviauraukset yksityisteill\u00e4 ES 2.6.2019<\/a><\/h5>\n\n\n\n<p class=\"wp-block-paragraph\">Kaupungin hoitama talviauraus on t\u00e4rke\u00e4 palvelu haja-asutusalueiden yksityisteille. Nyt aurauksia ollaan lopettamassa.<a href=\"https:\/\/jarikarhu.fi\/?page_id=313\" data-type=\"page\" data-id=\"313\"><br>Lue lis\u00e4\u00e4&#8230;<\/a><\/p>\n\n\n\n<h5 class=\"wp-block-heading has-palette-color-4-color has-text-color has-link-color wp-elements-12\"><a>Maaseudun tulevaisuus<\/a><\/h5>\n\n\n\n<p class=\"wp-block-paragraph\">Suomi tarvitsee maaseutua ja maataloutta. Omavarainen ruuantuotanto on my\u00f6s turvallisuuspoliittinen valinta. Ruokaomavaraisuus takaa paremman ruuan saatavuuden my\u00f6s kriisitilanteissa. <a href=\"https:\/\/jarikarhu.fi\/?page_id=315\" data-type=\"page\" data-id=\"315\"><br>Lue lis\u00e4\u00e4&#8230;<\/a><\/p>\n\n\n\n<h5 class=\"wp-block-heading\">J\u00e4rke\u00e4 petopolitiikkaan EU:ssa<\/h5>\n\n\n\n<p class=\"wp-block-paragraph\">EU:n petopolitiikasta on puuttunut terve maalaisj\u00e4rki. EU:n luontodirektiiviss\u00e4 Suomen petopolitiikka kuuluu liitteeseen 4, joka m\u00e4\u00e4r\u00e4\u00e4, ett\u00e4 peto esim. susi tai karhu voidaan lopettaa vasta kun se on tehnyt vahinkoa. Lopettamisp\u00e4\u00e4t\u00f6s pit\u00e4\u00e4 olla vahinkoperusteinen.<br><a href=\"https:\/\/jarikarhu.fi\/?page_id=317\" data-type=\"page\" data-id=\"317\">Lue lis\u00e4\u00e4&#8230;<\/a><\/p>\n\n\n\n<h5 class=\"wp-block-heading\">Ilmastonmuutoksen torjunta kuuluu kaikille<\/h5>\n\n\n\n<p class=\"wp-block-paragraph\">Suomen mets\u00e4t toimivat hiilinieluna. Suomen mets\u00e4t kasvavat n. 20 miljoonaa kuutiota vuodessa enemm\u00e4n kuin niit\u00e4 hakataan. Suomen metsien puuvaranto on noin 2,5 miljardia kuutiota. Hyv\u00e4 mets\u00e4n hoito on parantanut metsiemme kasvua. Metsien kasvu on tuplaantunut puolessa vuosisadassa. Metsien kasvua voidaan viel\u00e4kin lis\u00e4t\u00e4 mets\u00e4n nopealla uudistuksella, istuttamalla taimet heti hakkuiden j\u00e4lkeen ja taimikon oikea-aikaisella hoidolla sek\u00e4 ensiharvennusr\u00e4stien hoitamisella. Hiilinieluja voidaan n\u00e4in toimimalla siis viel\u00e4 kasvattaa ja p\u00e4\u00e4st\u00f6kaupan osana hiilinieluista voitaisiin jatkossa maksaa my\u00f6s korvausta mets\u00e4nomistajalle.<br><a href=\"https:\/\/jarikarhu.fi\/?page_id=319\" data-type=\"page\" data-id=\"319\">Lue lis\u00e4\u00e4&#8230;<\/a><\/p>\n\n\n\n<h5 class=\"wp-block-heading\">Maaseudun Tulevaisuuden mielipidepalstan julkaisu 15.5.2019<\/h5>\n\n\n\n<p class=\"wp-block-paragraph\"><a href=\"https:\/\/www.maaseuduntulevaisuus.fi\/puheenaiheet\/mielipide\/artikkeli-1.428937\" target=\"_blank\" rel=\"noopener\">J\u00e4rke\u00e4 EU:n petopolitiikkaan \/ Jari Karhu<\/a><\/p>\n","protected":false},"excerpt":{"rendered":"<p>Alue- ja kuntavaalit 2025 Kokonaisturvallisuus huomioitava ja oltava osa koko Etel\u00e4-Karjalan toimintaa, ES 29.3.2025 Maailman poliittinen tilanne on k\u00e4rjistynyt ja sotaa k\u00e4yd\u00e4\u00e4n Euroopassakin. Yh\u00e4 t\u00e4rke\u00e4mm\u00e4ksi tulee kansalaisten perus- ja kokonaisturvallisuuden takaaminen. Kokonaisturvallisuuteen kuuluvat puolustus, huoltovarmuus, kyberturvallisuus, varautuminen, pelastustoimi, onnettomuuksien ehk\u00e4isy ja pelastaminen, kuten my\u00f6s t\u00e4rke\u00e4n\u00e4 osana terveyden ja toimintakyvyn turvaaminen eli sosiaali- ja terveydenhuolto. Lue [&hellip;]<\/p>\n","protected":false},"author":1,"featured_media":0,"parent":0,"menu_order":0,"comment_status":"closed","ping_status":"closed","template":"","meta":{"footnotes":""},"class_list":["post-28","page","type-page","status-publish","hentry"],"blocksy_meta":{"styles_descriptor":{"styles":{"desktop":"","tablet":"","mobile":""},"google_fonts":[],"version":7}},"_links":{"self":[{"href":"https:\/\/jarikarhu.fi\/index.php?rest_route=\/wp\/v2\/pages\/28","targetHints":{"allow":["GET"]}}],"collection":[{"href":"https:\/\/jarikarhu.fi\/index.php?rest_route=\/wp\/v2\/pages"}],"about":[{"href":"https:\/\/jarikarhu.fi\/index.php?rest_route=\/wp\/v2\/types\/page"}],"author":[{"embeddable":true,"href":"https:\/\/jarikarhu.fi\/index.php?rest_route=\/wp\/v2\/users\/1"}],"replies":[{"embeddable":true,"href":"https:\/\/jarikarhu.fi\/index.php?rest_route=%2Fwp%2Fv2%2Fcomments&post=28"}],"version-history":[{"count":22,"href":"https:\/\/jarikarhu.fi\/index.php?rest_route=\/wp\/v2\/pages\/28\/revisions"}],"predecessor-version":[{"id":323,"href":"https:\/\/jarikarhu.fi\/index.php?rest_route=\/wp\/v2\/pages\/28\/revisions\/323"}],"wp:attachment":[{"href":"https:\/\/jarikarhu.fi\/index.php?rest_route=%2Fwp%2Fv2%2Fmedia&parent=28"}],"curies":[{"name":"wp","href":"https:\/\/api.w.org\/{rel}","templated":true}]}}