{"id":17,"date":"2026-08-31T10:53:14","date_gmt":"2026-08-31T10:53:14","guid":{"rendered":"https:\/\/jarikarhu.fi\/?page_id=17"},"modified":"2026-08-31T20:26:35","modified_gmt":"2026-08-31T20:26:35","slug":"jari-karhu","status":"publish","type":"page","link":"https:\/\/jarikarhu.fi\/?page_id=17","title":{"rendered":"Jari Karhu"},"content":{"rendered":"\n<p class=\"wp-block-paragraph\">Olen yritt\u00e4j\u00e4, insin\u00f6\u00f6ri, maanviljelij\u00e4 ja mets\u00e4nomistaja. Minulla on kolme aikuista lasta ja hoitoalan yritt\u00e4j\u00e4vaimo. Harrastan mets\u00e4styst\u00e4, vanhojen traktorien ja koneiden ker\u00e4ily\u00e4 sek\u00e4 p\u00e4reh\u00f6yl\u00e4yst\u00e4.<\/p>\n\n\n\n<p class=\"wp-block-paragraph\">Olen pitk\u00e4\u00e4n osallistunut yhteisten asioiden hoitoon kyl\u00e4tasolta valtakunnan tasolle saakka. Politiikkaan olen l\u00e4htenyt kiinnostuksesta ja halusta vaikuttaa yhteisiin asioihin. Olen yhteisten asioiden pitk\u00e4j\u00e4nteinen eteenp\u00e4in viej\u00e4 ja puolenpit\u00e4j\u00e4.<\/p>\n\n\n\n<h3 class=\"wp-block-heading\">Kokemusta yhteisten asioiden hoitamisesta<\/h3>\n\n\n\n<p class=\"wp-block-paragraph\">Olen toiminut Lappeenrannan kaupunginvaltuutettuna usean valtuustokauden ajan. Nykyisell\u00e4 valtuustokaudella olen osallistunut my\u00f6s kaupunginhallituksen kokouksiin puhe- ja l\u00e4sn\u00e4olo-oikeudella.<\/p>\n\n\n\n<p class=\"wp-block-paragraph\">Vuosien varrella olen toiminut monissa kunnallisissa ja maakunnallisissa luottamusteht\u00e4viss\u00e4. Kokemusta on kertynyt muun muassa kaupunginvaltuuston varapuheenjohtajan teht\u00e4v\u00e4st\u00e4, pelastuslautakunnasta, kaupunkikehityslautakunnasta, vanhus- ja vammaisneuvostoista sek\u00e4 Etel\u00e4-Karjalan maakuntavaltuustosta.<\/p>\n\n\n\n<p class=\"wp-block-paragraph\">Yhteisten asioiden hoitaminen ei minulle tarkoita kuitenkaan vain kunnallista p\u00e4\u00e4t\u00f6ksentekoa. Olen ollut pitk\u00e4\u00e4n mukana my\u00f6s j\u00e4rjest\u00f6-, mets\u00e4stys- ja kyl\u00e4toiminnassa. N\u00e4iss\u00e4 teht\u00e4viss\u00e4 olen n\u00e4hnyt l\u00e4helt\u00e4, kuinka p\u00e4\u00e4t\u00f6kset vaikuttavat ihmisten arkeen, yrityksiin, maaseutuun ja paikallisiin yhteis\u00f6ihin.<\/p>\n\n\n\n<h3 class=\"wp-block-heading\">Kyl\u00e4tasolta valtakunnan tasolle<\/h3>\n\n\n\n<p class=\"wp-block-paragraph\">Oma taustani yritt\u00e4j\u00e4n\u00e4, maanviljelij\u00e4n\u00e4 ja mets\u00e4nomistajana on vaikuttanut vahvasti siihen, miten tarkastelen yhteisi\u00e4 asioita. P\u00e4\u00e4t\u00f6sten pit\u00e4\u00e4 toimia my\u00f6s k\u00e4yt\u00e4nn\u00f6ss\u00e4 \u2013 ihmisten arjessa, ty\u00f6ss\u00e4 ja yritystoiminnassa.<\/p>\n\n\n\n<p class=\"wp-block-paragraph\">Minulle on t\u00e4rke\u00e4\u00e4, ett\u00e4 my\u00f6s maaseudun, kylien ja tavallisten ihmisten \u00e4\u00e4ni kuuluu p\u00e4\u00e4t\u00f6ksenteossa. Suomi tarvitsee puolenpit\u00e4ji\u00e4 ja ihmisi\u00e4, jotka viev\u00e4t asioita pitk\u00e4j\u00e4nteisesti eteenp\u00e4in.<\/p>\n","protected":false},"excerpt":{"rendered":"<p>Olen yritt\u00e4j\u00e4, insin\u00f6\u00f6ri, maanviljelij\u00e4 ja mets\u00e4nomistaja. Minulla on kolme aikuista lasta ja hoitoalan yritt\u00e4j\u00e4vaimo. Harrastan mets\u00e4styst\u00e4, vanhojen traktorien ja koneiden ker\u00e4ily\u00e4 sek\u00e4 p\u00e4reh\u00f6yl\u00e4yst\u00e4. Olen pitk\u00e4\u00e4n osallistunut yhteisten asioiden hoitoon kyl\u00e4tasolta valtakunnan tasolle saakka. Politiikkaan olen l\u00e4htenyt kiinnostuksesta ja halusta vaikuttaa yhteisiin asioihin. Olen yhteisten asioiden pitk\u00e4j\u00e4nteinen eteenp\u00e4in viej\u00e4 ja puolenpit\u00e4j\u00e4. Kokemusta yhteisten asioiden hoitamisesta Olen [&hellip;]<\/p>\n","protected":false},"author":1,"featured_media":0,"parent":0,"menu_order":0,"comment_status":"closed","ping_status":"closed","template":"","meta":{"footnotes":""},"class_list":["post-17","page","type-page","status-publish","hentry"],"blocksy_meta":{"styles_descriptor":{"styles":{"desktop":"","tablet":"","mobile":""},"google_fonts":[],"version":7},"page_structure_type":"type-1"},"_links":{"self":[{"href":"https:\/\/jarikarhu.fi\/index.php?rest_route=\/wp\/v2\/pages\/17","targetHints":{"allow":["GET"]}}],"collection":[{"href":"https:\/\/jarikarhu.fi\/index.php?rest_route=\/wp\/v2\/pages"}],"about":[{"href":"https:\/\/jarikarhu.fi\/index.php?rest_route=\/wp\/v2\/types\/page"}],"author":[{"embeddable":true,"href":"https:\/\/jarikarhu.fi\/index.php?rest_route=\/wp\/v2\/users\/1"}],"replies":[{"embeddable":true,"href":"https:\/\/jarikarhu.fi\/index.php?rest_route=%2Fwp%2Fv2%2Fcomments&post=17"}],"version-history":[{"count":2,"href":"https:\/\/jarikarhu.fi\/index.php?rest_route=\/wp\/v2\/pages\/17\/revisions"}],"predecessor-version":[{"id":110,"href":"https:\/\/jarikarhu.fi\/index.php?rest_route=\/wp\/v2\/pages\/17\/revisions\/110"}],"wp:attachment":[{"href":"https:\/\/jarikarhu.fi\/index.php?rest_route=%2Fwp%2Fv2%2Fmedia&parent=17"}],"curies":[{"name":"wp","href":"https:\/\/api.w.org\/{rel}","templated":true}]}}